{"id":186,"date":"2023-01-08T23:12:49","date_gmt":"2023-01-08T22:12:49","guid":{"rendered":"https:\/\/www.gs-marklohe.de\/SR\/wordpress\/?page_id=186"},"modified":"2025-03-20T15:46:09","modified_gmt":"2025-03-20T14:46:09","slug":"foerderverein","status":"publish","type":"page","link":"https:\/\/www.gs-marklohe.de\/?page_id=186","title":{"rendered":"F\u00f6rderverein"},"content":{"rendered":"\n<figure class=\"wp-block-image size-large is-resized\"><img loading=\"lazy\" decoding=\"async\" width=\"1024\" height=\"683\" src=\"https:\/\/www.gs-marklohe.de\/wp-content\/uploads\/2023\/09\/Foerderverein-1024x683.jpg\" alt=\"\" class=\"wp-image-534\" style=\"object-fit:cover;width:840px;height:473px\" srcset=\"https:\/\/www.gs-marklohe.de\/wp-content\/uploads\/2023\/09\/Foerderverein-1024x683.jpg 1024w, https:\/\/www.gs-marklohe.de\/wp-content\/uploads\/2023\/09\/Foerderverein-300x200.jpg 300w, https:\/\/www.gs-marklohe.de\/wp-content\/uploads\/2023\/09\/Foerderverein-768x512.jpg 768w, https:\/\/www.gs-marklohe.de\/wp-content\/uploads\/2023\/09\/Foerderverein-1536x1024.jpg 1536w, https:\/\/www.gs-marklohe.de\/wp-content\/uploads\/2023\/09\/Foerderverein-2048x1365.jpg 2048w, https:\/\/www.gs-marklohe.de\/wp-content\/uploads\/2023\/09\/Foerderverein-600x400.jpg 600w\" sizes=\"auto, (max-width: 1024px) 100vw, 1024px\" \/><\/figure>\n\n\n\n<p>Eltern und Lehrer haben sich im F\u00f6rderverein &#8211; mit dem Ziel, die Grundschuljahre der Kinder an der Grundschule Marklohe zu versch\u00f6nern &#8211; zusammengeschlossen. Wir wollen unseren Kindern eine sch\u00f6ne Schulzeit erm\u00f6glichen, die sie in guter Erinnerung behalten.<\/p>\n\n\n\n<div style=\"height:25px\" aria-hidden=\"true\" class=\"wp-block-spacer\"><\/div>\n\n\n\n<p>1996 wurde der F\u00f6rderverein gegr\u00fcndet. Er unterst\u00fctzt das Konzept der GS Marklohe. Die Schule erf\u00e4hrt durch ihn manche Entlastung des Schulbudgets. Ohne private Initiative sind viele schulische Ma\u00dfnahmen aufgrund der angespannten Lage der kommunalen Haushalte nicht mehr finanzierbar.<\/p>\n\n\n\n<p>Die Mittel des Vereins setzen sich zusammen aus den Mitgliedsbeitr\u00e4gen, Spenden, dem Erl\u00f6s aus besonderen Aktivit\u00e4ten (z.B. Schulfeste) und Anteilen aus dem Erl\u00f6s der zweimal j\u00e4hrlich stattfindenden Second-Hand-Basare in der Grundschule.<\/p>\n\n\n\n<p>Durch die j\u00e4hrliche Sammelbuchbestellung erh\u00e4lt der F\u00f6rderverein 10% des Gesamteinkaufswertes. Auch durch Teilnahme an der Sammelbuchbestellung oder durch praktische Hilfe beim Second-Hand-Basar k\u00f6nnen Sie also die Arbeit des F\u00f6rdervereins unterst\u00fctzen!<\/p>\n\n\n\n<div style=\"height:25px\" aria-hidden=\"true\" class=\"wp-block-spacer\"><\/div>\n\n\n\n<p>Wir freuen uns auf Ihre Unterst\u00fctzung bei der Planung und Durchf\u00fchrung unserer Projekte.<\/p>\n\n\n\n<p>Der Beitrag liegt bei mindestens 6 Euro pro Kalenderjahr oder ist frei w\u00e4hlbar.<\/p>\n\n\n\n<p>Falls Sie unserem Verein beitreten m\u00f6chten, finden sie hier unser <a href=\"https:\/\/www.gs-marklohe.de\/wp-content\/uploads\/2025\/03\/Flyer-Foerderverein.pdf\" data-type=\"attachment\" data-id=\"681\">Beitrittsformular<\/a>.<\/p>\n\n\n\n<div style=\"height:100px\" aria-hidden=\"true\" class=\"wp-block-spacer\"><\/div>\n\n\n\n<div style=\"height:50px\" aria-hidden=\"true\" class=\"wp-block-spacer\"><\/div>\n\n\n\n<p><strong>Projekte der letzten Jahre waren z.B.:<\/strong><\/p>\n\n\n\n<p>&#8211;\u00a0\u00a0\u00a0\u00a0\u00a0\u00a0\u00a0\u00a0\u00a0 Anschaffung von Pausenspielzeug, Musikinstrumenten, Sportger\u00e4ten<\/p>\n\n\n\n<p>&#8211;&nbsp;&nbsp;&nbsp;&nbsp;&nbsp;&nbsp;&nbsp;&nbsp;&nbsp; Organisation der Schulbuchbestellung und des Projekts Klasse 2000<\/p>\n\n\n\n<p>&#8211;&nbsp;&nbsp;&nbsp;&nbsp;&nbsp;&nbsp;&nbsp;&nbsp;&nbsp; Unterst\u00fctzung der Schulhofgestaltung<\/p>\n\n\n\n<p>&#8211;&nbsp;&nbsp;&nbsp;&nbsp;&nbsp;&nbsp;&nbsp;&nbsp;&nbsp; Anschaffung von B\u00fcchern f\u00fcr die Sch\u00fclerb\u00fccherei<\/p>\n\n\n\n<p>&#8211;&nbsp;&nbsp;&nbsp;&nbsp;&nbsp;&nbsp;&nbsp;&nbsp;&nbsp; einheitliche T-Shirts f\u00fcr Sportwettk\u00e4mpfe<\/p>\n\n\n\n<p>&#8211;&nbsp;&nbsp;&nbsp;&nbsp;&nbsp;&nbsp;&nbsp;&nbsp;&nbsp; T-Shirts f\u00fcr die Chor-AG<\/p>\n\n\n\n<p>&#8211;&nbsp;&nbsp;&nbsp;&nbsp;&nbsp;&nbsp;&nbsp;&nbsp;&nbsp; Schulfeste wie Fr\u00fchlings- und Sommerfeste<\/p>\n\n\n\n<p>&#8211;&nbsp;&nbsp;&nbsp;&nbsp;&nbsp;&nbsp;&nbsp;&nbsp;&nbsp; Anschaffung von Kickertischen und Fu\u00dfballtoren<\/p>\n\n\n\n<p>&#8211;&nbsp;&nbsp;&nbsp;&nbsp;&nbsp;&nbsp;&nbsp;&nbsp;&nbsp; Anschaffung von Werkb\u00e4nken<\/p>\n\n\n\n<p>Einmal im Jahr findet eine Versammlung des F\u00f6rdervereins statt, zu der alle Mitglieder und Eltern der GS Marklohe eingeladen werden.<\/p>\n\n\n\n<p>F\u00fcr Fragen und Anregungen stehen wir gerne zur Verf\u00fcgung!<\/p>\n\n\n\n<div style=\"height:50px\" aria-hidden=\"true\" class=\"wp-block-spacer\"><\/div>\n\n\n\n<p><strong><u>Und so erreichen Sie uns:<\/u><\/strong><\/p>\n\n\n\n<p><strong>Sie erreichen uns unter <a href=\"mailto:foerderverein-gs-marklohe@gmx.de\" target=\"_blank\" rel=\"noreferrer noopener\">foerderverein-gs-marklohe@gmx.de<\/a>.<\/strong><\/p>\n\n\n\n<p><strong>Sie k\u00f6nnen uns aber auch \u00fcber die Klassenlehrkr\u00e4fte eine Nachricht zukommen lassen oder diese in den Postkasten an der Garage werfen.<\/strong><\/p>\n","protected":false},"excerpt":{"rendered":"<p>Eltern und Lehrer haben sich im F\u00f6rderverein &#8211; mit dem Ziel, die Grundschuljahre der Kinder an der Grundschule Marklohe zu versch\u00f6nern &#8211; zusammengeschlossen. Wir wollen [&hellip;]<\/p>\n","protected":false},"author":2,"featured_media":0,"parent":173,"menu_order":3,"comment_status":"closed","ping_status":"closed","template":"","meta":{"footnotes":""},"class_list":["post-186","page","type-page","status-publish","hentry"],"_links":{"self":[{"href":"https:\/\/www.gs-marklohe.de\/index.php?rest_route=\/wp\/v2\/pages\/186","targetHints":{"allow":["GET"]}}],"collection":[{"href":"https:\/\/www.gs-marklohe.de\/index.php?rest_route=\/wp\/v2\/pages"}],"about":[{"href":"https:\/\/www.gs-marklohe.de\/index.php?rest_route=\/wp\/v2\/types\/page"}],"author":[{"embeddable":true,"href":"https:\/\/www.gs-marklohe.de\/index.php?rest_route=\/wp\/v2\/users\/2"}],"replies":[{"embeddable":true,"href":"https:\/\/www.gs-marklohe.de\/index.php?rest_route=%2Fwp%2Fv2%2Fcomments&post=186"}],"version-history":[{"count":11,"href":"https:\/\/www.gs-marklohe.de\/index.php?rest_route=\/wp\/v2\/pages\/186\/revisions"}],"predecessor-version":[{"id":686,"href":"https:\/\/www.gs-marklohe.de\/index.php?rest_route=\/wp\/v2\/pages\/186\/revisions\/686"}],"up":[{"embeddable":true,"href":"https:\/\/www.gs-marklohe.de\/index.php?rest_route=\/wp\/v2\/pages\/173"}],"wp:attachment":[{"href":"https:\/\/www.gs-marklohe.de\/index.php?rest_route=%2Fwp%2Fv2%2Fmedia&parent=186"}],"curies":[{"name":"wp","href":"https:\/\/api.w.org\/{rel}","templated":true}]}}